{"id":918,"date":"2016-07-16T13:01:49","date_gmt":"2016-07-16T11:01:49","guid":{"rendered":"http:\/\/ekongkar.yoga\/?page_id=918"},"modified":"2016-07-16T13:01:49","modified_gmt":"2016-07-16T11:01:49","slug":"les-noms-des-muscles","status":"publish","type":"page","link":"https:\/\/ekongkar.yoga\/?page_id=918","title":{"rendered":"Les noms des muscles"},"content":{"rendered":"<p><span style=\"color: #8c282c;\"><span style=\"font-size: 18pt;\">Les noms des muscles<\/span><\/span><\/p>\n<p><strong><span style=\"color: #008080;\"><img loading=\"lazy\" decoding=\"async\" class=\"alignright\" src=\"http:\/\/ekongkar.yoga\/wp-content\/uploads\/2016\/07\/noms-des-muscles-e1467609490150.jpg\" alt=\"\" width=\"350\" height=\"350\">Afin de retenir les noms des muscles<\/span><\/strong>, il est utile de conna\u00eetre les caract\u00e9ristiques des termes qui forment ces noms.<\/p>\n<p><strong><span style=\"color: #008080;\">La d\u00e9nomination des muscles d\u00e9pend de :<\/span><\/strong><\/p>\n<ul>\n<li>leur <strong>localisation <\/strong>anatomique ou de la structure pr\u00e8s de laquelle ils se trouvent: le muscle <em>subclavier<\/em> se situe sous (-sub) la clavicule, les <em>intercostaux<\/em> externes, le quadriceps <em>f\u00e9moral<\/em> \u2026<\/li>\n<li>leur <strong>action principale<\/strong> : l\u2019<em>\u00e9l\u00e9vateur<\/em> de la scapula, le <em>fl\u00e9chisseur<\/em> radial du carpe, l\u2019<em>extenseur<\/em> commun des doigts, l\u2019<em>adducteur<\/em> du pouce, l\u2019<em>abducteur<\/em> du petit doigt, le rond <em>pronateur<\/em> \u2026<\/li>\n<li>l<strong>\u2019orientation de leurs fibres<\/strong> : le <em>droit<\/em> de l\u2019abdomen, le <em>transverse<\/em> de l\u2019abdomen, l\u2019<em>oblique<\/em> externe de l\u2019abdomen, \u2026<\/li>\n<li>leur <strong>taille <\/strong>et leur <strong>volume<\/strong>: le <em>grand<\/em> fessier, le <em>petit<\/em> rhombo\u00efde, le <em>long<\/em> extenseur du pouce, le <em>vaste<\/em> lat\u00e9ral, \u2026<\/li>\n<li>leur <strong>forme <\/strong>: le <em>trap\u00e8ze<\/em>, le <em>delto\u00efde<\/em>, le <em>carr\u00e9<\/em> f\u00e9moral, le <em>piriforme<\/em> (forme de poire), le <em>pectin\u00e9<\/em> (en forme de peigne), \u2026<\/li>\n<li>du <strong>nombre de tendons d\u2019origine<\/strong> (chefs) : le <em>biceps<\/em> brachial (2 chefs), le <em>triceps<\/em> brachial (3 chefs), le <em>quadriceps<\/em> f\u00e9moral (4 chefs), \u2026<\/li>\n<li>du <strong>lieu de leurs points d\u2019attache<\/strong> (insertion) : le <em>sterno-cl\u00e9ido-masto\u00efdien<\/em> dont l\u2019origine est sur le sternum et la clavicule, et l\u2019insertion sur le processus masto\u00efdien de l\u2019os temporal.<\/li>\n<\/ul>\n<p style=\"text-align: center;\"><strong><span style=\"color: #008080;\"><span style=\"color: #800000;\">A lire \u00e9galement:<\/span><br \/>\n<\/span><\/strong><strong><span style=\"color: #008080;\"><a href=\"http:\/\/ekongkar.yoga\/?page_id=892\">Le squelette<br \/>\n<\/a><\/span><\/strong><a href=\"http:\/\/ekongkar.yoga\/?page_id=894\">Les os de la t\u00eate<\/a>&nbsp;\/&nbsp;<a href=\"http:\/\/ekongkar.yoga\/?page_id=896\">Les os du tronc<\/a>&nbsp;\/&nbsp;<a href=\"http:\/\/ekongkar.yoga\/?page_id=898\">Les membres sup\u00e9rieurs<\/a>&nbsp;\/&nbsp;<a href=\"http:\/\/ekongkar.yoga\/?page_id=900\">Les membres inf\u00e9rieurs<br \/>\n<\/a><strong><span style=\"color: #008080;\"><a href=\"http:\/\/ekongkar.yoga\/?page_id=902\">Les articulations<br \/>\n<\/a><\/span><\/strong><a href=\"http:\/\/ekongkar.yoga\/?page_id=903\">Classification des articulations<\/a>&nbsp;\/&nbsp;<a href=\"http:\/\/ekongkar.yoga\/?page_id=906\">Diff\u00e9rents types d\u2019articulations synoviales<\/a>&nbsp;\/&nbsp;<a href=\"http:\/\/ekongkar.yoga\/?page_id=907\">Les mouvements permis par les articulations synoviales<br \/>\n<\/a><strong><span style=\"color: #008080;\"><a href=\"http:\/\/ekongkar.yoga\/?page_id=910\">Les muscles<br \/>\n<\/a><\/span><\/strong><a href=\"http:\/\/ekongkar.yoga\/?page_id=911\">Comment sont produits les mouvements<\/a>&nbsp;\/&nbsp;<a href=\"http:\/\/ekongkar.yoga\/?page_id=914\">Principaux muscles squelettiques<\/a>&nbsp;\/&nbsp;<a href=\"http:\/\/ekongkar.yoga\/?page_id=916\">Coordination des groupes musculaires<\/a>&nbsp;\/&nbsp;Les noms des muscles<\/p>\n","protected":false},"excerpt":{"rendered":"<p>Les noms des muscles Afin de retenir les noms des muscles, il est utile de conna\u00eetre les caract\u00e9ristiques des termes qui forment ces noms. La d\u00e9nomination des muscles d\u00e9pend de : leur localisation anatomique ou de la structure pr\u00e8s de laquelle ils se trouvent: le muscle subclavier se situe sous&#8230;<\/p>\n<p> <a class=\"continue-reading-link\" href=\"https:\/\/ekongkar.yoga\/?page_id=918\"><span>Lire la suite&#8230;<\/span><i class=\"crycon-right-dir\"><\/i><\/a> <\/p>\n","protected":false},"author":1,"featured_media":1089,"parent":910,"menu_order":3,"comment_status":"closed","ping_status":"closed","template":"","meta":{"footnotes":""},"class_list":["post-918","page","type-page","status-publish","has-post-thumbnail","hentry"],"_links":{"self":[{"href":"https:\/\/ekongkar.yoga\/index.php?rest_route=\/wp\/v2\/pages\/918","targetHints":{"allow":["GET"]}}],"collection":[{"href":"https:\/\/ekongkar.yoga\/index.php?rest_route=\/wp\/v2\/pages"}],"about":[{"href":"https:\/\/ekongkar.yoga\/index.php?rest_route=\/wp\/v2\/types\/page"}],"author":[{"embeddable":true,"href":"https:\/\/ekongkar.yoga\/index.php?rest_route=\/wp\/v2\/users\/1"}],"replies":[{"embeddable":true,"href":"https:\/\/ekongkar.yoga\/index.php?rest_route=%2Fwp%2Fv2%2Fcomments&post=918"}],"version-history":[{"count":0,"href":"https:\/\/ekongkar.yoga\/index.php?rest_route=\/wp\/v2\/pages\/918\/revisions"}],"up":[{"embeddable":true,"href":"https:\/\/ekongkar.yoga\/index.php?rest_route=\/wp\/v2\/pages\/910"}],"wp:featuredmedia":[{"embeddable":true,"href":"https:\/\/ekongkar.yoga\/index.php?rest_route=\/wp\/v2\/media\/1089"}],"wp:attachment":[{"href":"https:\/\/ekongkar.yoga\/index.php?rest_route=%2Fwp%2Fv2%2Fmedia&parent=918"}],"curies":[{"name":"wp","href":"https:\/\/api.w.org\/{rel}","templated":true}]}}