{"id":855,"date":"2016-07-02T16:26:13","date_gmt":"2016-07-02T14:26:13","guid":{"rendered":"http:\/\/ekongkar.yoga\/?page_id=855"},"modified":"2025-12-19T13:47:34","modified_gmt":"2025-12-19T12:47:34","slug":"perturbateurs-du-systeme-respiratoire","status":"publish","type":"page","link":"https:\/\/ekongkar.yoga\/?page_id=855","title":{"rendered":"Perturbateurs du syst\u00e8me respiratoire"},"content":{"rendered":"<p><span style=\"color: #8c282c;\"><span style=\"font-size: 18pt;\">Perturbateurs du syst\u00e8me respiratoire<\/span><\/span><\/p>\n<p>Parmi tous les \u00e9l\u00e9ments identifi\u00e9s comme responsables d&rsquo;effets d\u00e9l\u00e9t\u00e8res sur la sant\u00e9 respiratoire, deux m\u00e9ritent d&rsquo;\u00eatre \u00e9pingl\u00e9s: <strong><span style=\"color: #008080;\">la pollution atmosph\u00e9rique et le tabagisme<\/span><\/strong>.<\/p>\n<p><strong><span style=\"color: #008080;\">Les polluants atmosph\u00e9riques<\/span><\/strong> sont principalement li\u00e9s \u00e0 l\u2019activit\u00e9 humaine : les fum\u00e9es des usines, les gaz des v\u00e9hicules, l\u2019utilisation des \u00e9nergies fossiles comme le charbon ou le p\u00e9trole, etc.<\/p>\n<p><strong><span style=\"color: #008080;\">La fum\u00e9e de cigarette<\/span><\/strong> pour sa part est un v\u00e9ritable m\u00e9lange de gaz et de particules. Elle contient plus de 4000 substances, dont plus de 40 sont consid\u00e9r\u00e9es comme canc\u00e9rig\u00e8nes. Une fois allum\u00e9e, la cigarette devient une usine chimique miniature : sa combustion provoque la formation de nombreuses substances toxiques, dont des goudrons, des m\u00e9taux lourds et des gaz toxiques comme le monoxyde de carbone.<\/p>\n<p>En ce qui concerne la pollution atmosph\u00e9rique d\u2019une part et le tabagisme d\u2019autre part, <strong><span style=\"color: #008080;\">voici ce que dit l&rsquo;OMS<\/span><\/strong>:<\/p>\n<p style=\"padding-left: 30px;\">\u00ab <em>Le fait de respirer de l&rsquo;air pur est consid\u00e9r\u00e9 comme une condition essentielle de la sant\u00e9 et du bien-\u00eatre de l&rsquo;homme. Cependant la pollution de l&rsquo;air continue de faire peser une menace importante sur le plan sanitaire partout dans le monde. [\u2026] Plus de 2 millions de d\u00e9c\u00e8s pr\u00e9matur\u00e9s peuvent chaque ann\u00e9e \u00eatre attribu\u00e9s aux effets de la pollution de l&rsquo;air ext\u00e9rieur dans les villes et de l&rsquo;air \u00e0 l&rsquo;int\u00e9rieur des habitations [\u2026] \u00e0 travers le monde.<\/em> \u00bb (OMS, dans ses lignes directrices relatives \u00e0 l&rsquo;air &#8211; synth\u00e8se de l&rsquo;\u00e9valuation des risques, mise \u00e0 jour en 2005)<\/p>\n<p style=\"padding-left: 30px;\">\u00ab <em>La consommation de tabac est l\u2019une des plus graves menaces ayant jamais pes\u00e9 sur la sant\u00e9 publique mondiale. Elle tue pr\u00e8s de 6 millions de personnes chaque ann\u00e9e. Plus de 5 millions d&rsquo;entre elles sont des consommateurs ou d&rsquo;anciens consommateurs, et plus de 600.000 des non-fumeurs involontairement expos\u00e9s \u00e0 la fum\u00e9e. Une personne environ meurt toutes les six secondes du fait de ce fl\u00e9au, ce qui repr\u00e9sente un d\u00e9c\u00e8s d&rsquo;adulte sur 10. La moiti\u00e9 des consommateurs actuels mourront d&rsquo;une maladie li\u00e9e au tabac.<\/em> \u00bb (OMS &#8211; <a href=\"http:\/\/www.who.int\/mediacentre\/factsheets\/fs339\/fr\/\">www.who.int<\/a>)<\/p>\n<p>Ces polluants peuvent donc \u00eatre<strong><span style=\"color: #008080;\"> sous forme de gaz<\/span><\/strong> (le monoxyde de carbone \u00e9tant le plus connu) ou bien <strong><span style=\"color: #008080;\">sous forme de petites particules solides<\/span><\/strong>, comme la nicotine de la cigarette. Selon leur taille, ces particules vont s&rsquo;impacter soit au niveau du nez, du pharynx et de la trach\u00e9e pour les plus grosses, soit s\u00e9dimenter dans les petites voies a\u00e9rienne pour les plus petites. Et si elles sont v\u00e9ritablement petites, elles peuvent se d\u00e9poser dans les alv\u00e9oles voire carr\u00e9ment traverser la barri\u00e8re alv\u00e9olaire.<\/p>\n<p><span style=\"color: #800000;\"><strong>P\u00e9n\u00e9trant plus ou moins loin dans l\u2019appareil respiratoire, ces polluants peuvent \u00eatre mis en lien avec :<\/strong><\/span><\/p>\n<ul>\n<li>une augmentation des <strong><span style=\"color: #008080;\">affections respiratoires<\/span><\/strong> (sinusites, angines, rhino-pharyngites, bronchites, \u2026), de l\u2019hypers\u00e9cr\u00e9tion bronchique, de diverses irritations.<\/li>\n<li>une <strong><span style=\"color: #008080;\">d\u00e9gradation des d\u00e9fenses<\/span><\/strong> de l&rsquo;organisme aux infections microbiennes.<\/li>\n<li>une <strong><span style=\"color: #008080;\">d\u00e9gradation de la fonction ventilatoire<\/span><\/strong> qui se manifeste par une baisse de la capacit\u00e9 respiratoire, un exc\u00e8s de toux ou des crises d&rsquo;asthme.<\/li>\n<li>une <strong><span style=\"color: #008080;\">r\u00e9duction de la croissance<\/span><\/strong> pulmonaire chez l&rsquo;enfant<\/li>\n<li>une <strong><span style=\"color: #008080;\">augmentation de la mortalit\u00e9<\/span><\/strong> \u00e0 par affections respiratoires ou cardio-vasculaires.<\/li>\n<li>une incidence sur la mortalit\u00e9 \u00e0 long terme par <strong><span style=\"color: #008080;\">effets mutag\u00e8nes et canc\u00e9rig\u00e8nes<\/span><\/strong>. La fum\u00e9e de cigarette en particulier provoque des cancers des l\u00e8vres, de la langue, de la bouche, de la gorge, des cordes vocales, de la trach\u00e9e, des bronches et des poumons.<\/li>\n<\/ul>\n<p style=\"text-align: center;\"><span style=\"color: #800000;\"><strong>A lire \u00e9galement:<\/strong><\/span><br \/>\n<a href=\"http:\/\/ekongkar.yoga\/?page_id=844\">Le syst\u00e8me respiratoire<\/a>\u00a0\/\u00a0<a href=\"http:\/\/ekongkar.yoga\/?page_id=846\">Anatomie du syst\u00e8me respiratoire<\/a> \/ <a href=\"http:\/\/ekongkar.yoga\/?page_id=850\">Ventilation pulmonaire<\/a> \/ Perturbateurs du syst\u00e8me respiratoire \/ <a href=\"http:\/\/ekongkar.yoga\/?page_id=857\">Yoga et syst\u00e8me respiratoire<\/a><\/p>\n","protected":false},"excerpt":{"rendered":"<p>Perturbateurs du syst\u00e8me respiratoire Parmi tous les \u00e9l\u00e9ments identifi\u00e9s comme responsables d&rsquo;effets d\u00e9l\u00e9t\u00e8res sur la sant\u00e9 respiratoire, deux m\u00e9ritent d&rsquo;\u00eatre \u00e9pingl\u00e9s: la pollution atmosph\u00e9rique et le tabagisme. Les polluants atmosph\u00e9riques sont principalement li\u00e9s \u00e0 l\u2019activit\u00e9 humaine : les fum\u00e9es des usines, les gaz des v\u00e9hicules, l\u2019utilisation des \u00e9nergies fossiles comme&#8230;<\/p>\n<p> <a class=\"continue-reading-link\" href=\"https:\/\/ekongkar.yoga\/?page_id=855\"><span>Lire la suite&#8230;<\/span><i class=\"crycon-right-dir\"><\/i><\/a> <\/p>\n","protected":false},"author":1,"featured_media":0,"parent":844,"menu_order":3,"comment_status":"closed","ping_status":"closed","template":"","meta":{"footnotes":""},"class_list":["post-855","page","type-page","status-publish","hentry"],"_links":{"self":[{"href":"https:\/\/ekongkar.yoga\/index.php?rest_route=\/wp\/v2\/pages\/855","targetHints":{"allow":["GET"]}}],"collection":[{"href":"https:\/\/ekongkar.yoga\/index.php?rest_route=\/wp\/v2\/pages"}],"about":[{"href":"https:\/\/ekongkar.yoga\/index.php?rest_route=\/wp\/v2\/types\/page"}],"author":[{"embeddable":true,"href":"https:\/\/ekongkar.yoga\/index.php?rest_route=\/wp\/v2\/users\/1"}],"replies":[{"embeddable":true,"href":"https:\/\/ekongkar.yoga\/index.php?rest_route=%2Fwp%2Fv2%2Fcomments&post=855"}],"version-history":[{"count":2,"href":"https:\/\/ekongkar.yoga\/index.php?rest_route=\/wp\/v2\/pages\/855\/revisions"}],"predecessor-version":[{"id":39867,"href":"https:\/\/ekongkar.yoga\/index.php?rest_route=\/wp\/v2\/pages\/855\/revisions\/39867"}],"up":[{"embeddable":true,"href":"https:\/\/ekongkar.yoga\/index.php?rest_route=\/wp\/v2\/pages\/844"}],"wp:attachment":[{"href":"https:\/\/ekongkar.yoga\/index.php?rest_route=%2Fwp%2Fv2%2Fmedia&parent=855"}],"curies":[{"name":"wp","href":"https:\/\/api.w.org\/{rel}","templated":true}]}}