{"id":846,"date":"2016-07-05T16:13:35","date_gmt":"2016-07-05T14:13:35","guid":{"rendered":"http:\/\/ekongkar.yoga\/?page_id=846"},"modified":"2025-12-19T13:45:30","modified_gmt":"2025-12-19T12:45:30","slug":"anatomie-du-systeme-respiratoire","status":"publish","type":"page","link":"https:\/\/ekongkar.yoga\/?page_id=846","title":{"rendered":"Anatomie du syst\u00e8me respiratoire"},"content":{"rendered":"<p><span style=\"color: #8c282c;\"><span style=\"font-size: 18pt;\">Anatomie du syst\u00e8me respiratoire<\/span><\/span><\/p>\n<p>Le syst\u00e8me respiratoire comprend le nez, le pharynx, le larynx, la trach\u00e9e et les poumons (bronches, bronchioles et alv\u00e9oles).<\/p>\n<p>On parle d&rsquo;<strong><span style=\"color: #008080;\">arbre respiratoire<\/span><\/strong> car cet ensemble de conduits ressemble \u00e0 un arbre en position invers\u00e9e. Dans cette image, la trach\u00e9e fait office de tronc, les bronches et les bronchioles repr\u00e9sentent les branches et les alv\u00e9oles \u00e9voquent les feuilles de l\u2019arbre.<\/p>\n<p><span style=\"text-decoration: underline;\"><strong><span style=\"color: #008080; text-decoration: underline;\">Le nez et les cavit\u00e9s nasales<\/span><\/strong><\/span><\/p>\n<p>Le <strong><span style=\"color: #008080;\">nez et les cavit\u00e9s nasales<\/span><\/strong> (ou fosses nasales) constituent la partie sup\u00e9rieure de l&rsquo;appareil respiratoire. L&rsquo;air y est filtr\u00e9 et assaini par l&rsquo;action conjugu\u00e9e des cils et du mucus sur les parois qui d\u00e9barrasse l\u2019air qui circule de la poussi\u00e8re et des germes. L&rsquo;air y est \u00e9galement r\u00e9chauff\u00e9 et humidifi\u00e9. Ces fonctions limitent les dommages qu\u2019un air sale, froid et sec pourrait infliger aux poumons. C&rsquo;est aussi \u00e0 ce niveau que sont d\u00e9tect\u00e9s les stimuli olfactifs (odeurs). L\u2019air peut aussi circuler par la bouche qui le r\u00e9chauffe, l&rsquo;humidifie et le filtre, mais moins bien que le nez.<\/p>\n<p><span style=\"text-decoration: underline;\"><strong><span style=\"color: #008080; text-decoration: underline;\">Le pharynx<\/span><\/strong><\/span><\/p>\n<p>Le <strong><span style=\"color: #008080;\">pharynx (ou gorge)<\/span><\/strong> est situ\u00e9 derri\u00e8re les cavit\u00e9s nasales, au-dessus du larynx et juste devant les vert\u00e8bres cervicales. C&rsquo;est le lieu \u00ab carrefour \u00bb entre la voie respiratoire et la voie digestive. L&rsquo;air (inspir\u00e9 ou expir\u00e9) et la nourriture peuvent y circuler&#8230; mais pas en m\u00eame temps! Il constitue \u00e9galement une caisse de r\u00e9sonance pour la phonation et abrite les amygdales, qui jouent un r\u00f4le essentiel dans la d\u00e9fense immunitaire.<\/p>\n<p><span style=\"text-decoration: underline;\"><strong><span style=\"color: #008080; text-decoration: underline;\">Le larynx<\/span><\/strong><\/span><\/p>\n<p>Le <strong><span style=\"color: #008080;\">larynx<\/span> <\/strong>est un court passage qui relie le pharynx et la trach\u00e9e. Par le mouvement de l&rsquo;\u00e9piglotte, capable de se rabattre comme une trappe, les voies a\u00e9riennes situ\u00e9es plus bas sont tant\u00f4t ouvertes, tant\u00f4t ferm\u00e9es. C&rsquo;est ainsi que la fermeture du larynx durant la d\u00e9glutition achemine les aliments et les liquides vers l&rsquo;\u0153sophage et non dans la trach\u00e9e. A l&rsquo;inverse, lors d&rsquo;une inspiration, l&rsquo;\u00e9piglotte s&rsquo;\u00e9l\u00e8ve pour permettre le passage de l&rsquo;air vers les poumons.<\/p>\n<p>Le larynx abrite \u00e9galement les cordes vocales. Lorsque l\u2019air est expuls\u00e9 des poumons, il fait vibrer ces cordes qui, selon leur ouverture, produisent un son contr\u00f4l\u00e9.<\/p>\n<p><span style=\"text-decoration: underline;\"><strong><span style=\"color: #008080; text-decoration: underline;\">La trach\u00e9e<\/span><\/strong><\/span><\/p>\n<p>La <strong><span style=\"color: #008080;\">trach\u00e9e<\/span> <\/strong>est un conduit semi-rigide, d&rsquo;environ 12 cm de long et de 2,5 cm de diam\u00e8tre qui relie le larynx en haut aux bronches principales gauche et droite en bas. Les parois internes de la trach\u00e9e sont recouvertes de mucus et de cils vibratiles qui procurent la m\u00eame protection contre la poussi\u00e8re que ceux qui tapissent les cavit\u00e9s nasales et le larynx.<\/p>\n<p><span style=\"text-decoration: underline;\"><strong><span style=\"color: #008080; text-decoration: underline;\">La pl\u00e8vre<\/span><\/strong><\/span><\/p>\n<p>La <strong><span style=\"color: #008080;\">pl\u00e8vre<\/span> <\/strong>est une membrane qui enveloppe et prot\u00e8ge le poumon. Chaque poumon poss\u00e8de sa pl\u00e8vre. La pl\u00e8vre est constitu\u00e9e de deux feuillets, l\u2019un adh\u00e8re au poumon (pl\u00e8vre visc\u00e9rale) et l\u2019autre (pl\u00e8vre pari\u00e9tale) tapisse la cage thoracique. Ces deux feuillets peuvent glisser l\u2019un sur l\u2019autre car une petite quantit\u00e9 de liquide lubrifiant est s\u00e9cr\u00e9t\u00e9e dans l\u2019espace qui les s\u00e9pare. Ainsi, les poumons adh\u00e8rent au thorax, par l\u2019interm\u00e9diaire des pl\u00e8vres, mais de fa\u00e7on glissante et mobile.<\/p>\n<p><span style=\"text-decoration: underline;\"><strong><span style=\"color: #008080; text-decoration: underline;\">Les poumons<\/span><\/strong><\/span><\/p>\n<p>Les<strong><span style=\"color: #008080;\"> deux poumons<\/span><\/strong> sont les sites d\u2019absorption de l\u2019oxyg\u00e8ne et de rejet du gaz carbonique. Ils sont pos\u00e9s sur le diaphragme et prot\u00e9g\u00e9s par la cage thoracique. Le poumon gauche contient deux lobes alors que celui de droite en contient trois.<br \/>\nLa trach\u00e9e se divise en une <strong><span style=\"color: #008080;\">bronche<\/span> <\/strong>principale droite et une bronche principale gauche qui p\u00e9n\u00e8trent respectivement dans le poumon droit et gauche. Les bronches principales se divisent en bronches plus petites, qui elles-m\u00eames se ramifient en bronches encore plus petites, puis en <strong><span style=\"color: #008080;\">bronchioles<\/span> <\/strong>qui \u00e0 leur tour se divisent et se subdivisent. Ces ramifications (environ 25) offrant l\u2019image d\u2019un arbre invers\u00e9 permettent d\u2019acheminer l\u2019air jusqu&rsquo;aux surfaces d\u2019\u00e9changes contenues dans les alv\u00e9oles.<\/p>\n<p>Les <strong><span style=\"color: #008080;\">alv\u00e9oles pulmonaires<\/span><\/strong> (extr\u00eamement nombreuses, environ 300 millions) sont de minces poches creuses qui prolongent les bronchioles, et c&rsquo;est \u00e0 ce niveau que se d\u00e9roulent les \u00e9changes gazeux entre les espaces a\u00e9riens des poumons et le sang.<\/p>\n<p>Chaque grappe d&rsquo;alv\u00e9oles, appel\u00e9e <strong><span style=\"color: #008080;\">sac alv\u00e9olaire<\/span><\/strong> est litt\u00e9ralement envelopp\u00e9 dans une fine maille de vaisseaux sanguins \u00e0 petit diam\u00e8tre (capillaires). La mince paroi des alv\u00e9oles et des capillaires ainsi que leur proximit\u00e9 permet de faire les \u00e9changes gazeux: diffusion de l\u2019oxyg\u00e8ne (O2) vers les capillaires, et diffusion du gaz carbonique (CO2) des capillaires vers la cavit\u00e9 alv\u00e9olaire.<\/p>\n<p style=\"text-align: center;\"><span style=\"color: #800000;\"><strong>A lire \u00e9galement:<\/strong><\/span><br \/>\n<a href=\"http:\/\/ekongkar.yoga\/?page_id=844\">Le syst\u00e8me respiratoire<\/a>\u00a0\/\u00a0Anatomie du syst\u00e8me respiratoire \/ <a href=\"http:\/\/ekongkar.yoga\/?page_id=850\">Ventilation pulmonaire<\/a> \/ <a href=\"http:\/\/ekongkar.yoga\/?page_id=855\">Perturbateurs du syst\u00e8me respiratoire<\/a> \/ <a href=\"http:\/\/ekongkar.yoga\/?page_id=857\">Yoga et syst\u00e8me respiratoire<\/a><\/p>\n","protected":false},"excerpt":{"rendered":"<p>Anatomie du syst\u00e8me respiratoire Le syst\u00e8me respiratoire comprend le nez, le pharynx, le larynx, la trach\u00e9e et les poumons (bronches, bronchioles et alv\u00e9oles). On parle d&rsquo;arbre respiratoire car cet ensemble de conduits ressemble \u00e0 un arbre en position invers\u00e9e. Dans cette image, la trach\u00e9e fait office de tronc, les bronches&#8230;<\/p>\n<p> <a class=\"continue-reading-link\" href=\"https:\/\/ekongkar.yoga\/?page_id=846\"><span>Lire la suite&#8230;<\/span><i class=\"crycon-right-dir\"><\/i><\/a> <\/p>\n","protected":false},"author":1,"featured_media":0,"parent":844,"menu_order":0,"comment_status":"closed","ping_status":"closed","template":"","meta":{"footnotes":""},"class_list":["post-846","page","type-page","status-publish","hentry"],"_links":{"self":[{"href":"https:\/\/ekongkar.yoga\/index.php?rest_route=\/wp\/v2\/pages\/846","targetHints":{"allow":["GET"]}}],"collection":[{"href":"https:\/\/ekongkar.yoga\/index.php?rest_route=\/wp\/v2\/pages"}],"about":[{"href":"https:\/\/ekongkar.yoga\/index.php?rest_route=\/wp\/v2\/types\/page"}],"author":[{"embeddable":true,"href":"https:\/\/ekongkar.yoga\/index.php?rest_route=\/wp\/v2\/users\/1"}],"replies":[{"embeddable":true,"href":"https:\/\/ekongkar.yoga\/index.php?rest_route=%2Fwp%2Fv2%2Fcomments&post=846"}],"version-history":[{"count":2,"href":"https:\/\/ekongkar.yoga\/index.php?rest_route=\/wp\/v2\/pages\/846\/revisions"}],"predecessor-version":[{"id":39865,"href":"https:\/\/ekongkar.yoga\/index.php?rest_route=\/wp\/v2\/pages\/846\/revisions\/39865"}],"up":[{"embeddable":true,"href":"https:\/\/ekongkar.yoga\/index.php?rest_route=\/wp\/v2\/pages\/844"}],"wp:attachment":[{"href":"https:\/\/ekongkar.yoga\/index.php?rest_route=%2Fwp%2Fv2%2Fmedia&parent=846"}],"curies":[{"name":"wp","href":"https:\/\/api.w.org\/{rel}","templated":true}]}}