{"id":321,"date":"2016-04-18T18:09:21","date_gmt":"2016-04-18T16:09:21","guid":{"rendered":"http:\/\/ekongkar.yoga\/?page_id=321"},"modified":"2016-04-18T18:09:21","modified_gmt":"2016-04-18T16:09:21","slug":"linsomnie","status":"publish","type":"page","link":"https:\/\/ekongkar.yoga\/?page_id=321","title":{"rendered":"L&rsquo;insomnie"},"content":{"rendered":"<p><span style=\"color: #8c282c;\"><span style=\"font-size: 18pt;\">L&rsquo;insomnie<br \/>\n<\/span><\/span>(en pr\u00e9paration)<\/p>\n<p style=\"text-align: center;\"><img loading=\"lazy\" decoding=\"async\" src=\"http:\/\/ekongkar.yoga\/wp-content\/uploads\/2016\/04\/5c.jpg\" alt=\"\" width=\"870\" height=\"479\"><\/p>\n<p style=\"text-align: center;\"><a href=\"http:\/\/ekongkar.yoga\/?page_id=725\">Yoga et corps physique<\/a><a href=\"http:\/\/ekongkar.yoga\/?page_id=311\"><br \/>\nLe Kundalini Yoga pour des probl\u00e8mes de sant\u00e9 particuliers<\/a><br \/>\n<a href=\"http:\/\/ekongkar.yoga\/?page_id=313\">La d\u00e9pression<\/a>&nbsp;\/&nbsp;<a href=\"http:\/\/ekongkar.yoga\/?page_id=315\">Les lombalgies<\/a>\/&nbsp;<a href=\"http:\/\/ekongkar.yoga\/?page_id=317\">La fatigue chronique<\/a>&nbsp;\/<a href=\"http:\/\/ekongkar.yoga\/?page_id=319\">Les troubles digestifs<\/a>&nbsp;\/&nbsp;L\u2019insomnie<\/p>\n","protected":false},"excerpt":{"rendered":"<p>L&rsquo;insomnie (en pr\u00e9paration) Yoga et corps physique Le Kundalini Yoga pour des probl\u00e8mes de sant\u00e9 particuliers La d\u00e9pression&nbsp;\/&nbsp;Les lombalgies\/&nbsp;La fatigue chronique&nbsp;\/Les troubles digestifs&nbsp;\/&nbsp;L\u2019insomnie<\/p>\n<p> <a class=\"continue-reading-link\" href=\"https:\/\/ekongkar.yoga\/?page_id=321\"><span>Lire la suite&#8230;<\/span><i class=\"crycon-right-dir\"><\/i><\/a> <\/p>\n","protected":false},"author":1,"featured_media":0,"parent":311,"menu_order":2,"comment_status":"closed","ping_status":"closed","template":"","meta":{"footnotes":""},"class_list":["post-321","page","type-page","status-publish","hentry"],"_links":{"self":[{"href":"https:\/\/ekongkar.yoga\/index.php?rest_route=\/wp\/v2\/pages\/321","targetHints":{"allow":["GET"]}}],"collection":[{"href":"https:\/\/ekongkar.yoga\/index.php?rest_route=\/wp\/v2\/pages"}],"about":[{"href":"https:\/\/ekongkar.yoga\/index.php?rest_route=\/wp\/v2\/types\/page"}],"author":[{"embeddable":true,"href":"https:\/\/ekongkar.yoga\/index.php?rest_route=\/wp\/v2\/users\/1"}],"replies":[{"embeddable":true,"href":"https:\/\/ekongkar.yoga\/index.php?rest_route=%2Fwp%2Fv2%2Fcomments&post=321"}],"version-history":[{"count":0,"href":"https:\/\/ekongkar.yoga\/index.php?rest_route=\/wp\/v2\/pages\/321\/revisions"}],"up":[{"embeddable":true,"href":"https:\/\/ekongkar.yoga\/index.php?rest_route=\/wp\/v2\/pages\/311"}],"wp:attachment":[{"href":"https:\/\/ekongkar.yoga\/index.php?rest_route=%2Fwp%2Fv2%2Fmedia&parent=321"}],"curies":[{"name":"wp","href":"https:\/\/api.w.org\/{rel}","templated":true}]}}